{"id":98,"date":"2025-01-28T15:40:12","date_gmt":"2025-01-28T14:40:12","guid":{"rendered":"https:\/\/test.ccvhs.fr\/?page_id=98"},"modified":"2026-03-26T12:46:12","modified_gmt":"2026-03-26T11:46:12","slug":"creations-competences","status":"publish","type":"page","link":"https:\/\/ccvhs.fr\/en\/creations-competences\/","title":{"rendered":"Creations &amp; skills"},"content":{"rendered":"<div data-elementor-type=\"wp-page\" data-elementor-id=\"98\" class=\"elementor elementor-98\" data-elementor-post-type=\"page\">\n\t\t\t\t<div class=\"elementor-element elementor-element-b7e6ca4 e-flex e-con-boxed e-con e-parent\" data-id=\"b7e6ca4\" data-element_type=\"container\">\n\t\t\t\t\t<div class=\"e-con-inner\">\n\t\t<div class=\"elementor-element elementor-element-d311f66 e-con-full e-flex e-con e-child\" data-id=\"d311f66\" data-element_type=\"container\" data-settings=\"{&quot;background_background&quot;:&quot;classic&quot;}\">\n\t\t<div class=\"elementor-element elementor-element-7bf6f1d e-con-full e-flex e-con e-child\" data-id=\"7bf6f1d\" data-element_type=\"container\">\n\t\t\t\t<div class=\"elementor-element elementor-element-43b2654 elementor-widget elementor-widget-image\" data-id=\"43b2654\" data-element_type=\"widget\" data-widget_type=\"image.default\">\n\t\t\t\t<div class=\"elementor-widget-container\">\n\t\t\t\t\t\t\t\t\t\t\t\t\t\t\t<img fetchpriority=\"high\" decoding=\"async\" width=\"300\" height=\"260\" src=\"https:\/\/ccvhs.fr\/wp-content\/uploads\/2025\/01\/carte-site2025-300x260.png\" class=\"attachment-medium size-medium wp-image-2372\" alt=\"\" srcset=\"https:\/\/ccvhs.fr\/wp-content\/uploads\/2025\/01\/carte-site2025-300x260.png 300w, https:\/\/ccvhs.fr\/wp-content\/uploads\/2025\/01\/carte-site2025-768x665.png 768w, https:\/\/ccvhs.fr\/wp-content\/uploads\/2025\/01\/carte-site2025-14x12.png 14w, https:\/\/ccvhs.fr\/wp-content\/uploads\/2025\/01\/carte-site2025.png 850w\" sizes=\"(max-width: 300px) 100vw, 300px\" \/>\t\t\t\t\t\t\t\t\t\t\t\t\t\t\t<\/div>\n\t\t\t\t<\/div>\n\t\t\t\t<div class=\"elementor-element elementor-element-e82ad53 elementor-widget elementor-widget-heading\" data-id=\"e82ad53\" data-element_type=\"widget\" data-widget_type=\"heading.default\">\n\t\t\t\t<div class=\"elementor-widget-container\">\n\t\t\t\t\t<h2 class=\"elementor-heading-title elementor-size-default\">Cr\u00e9ation &amp; comp\u00e9tences<\/h2>\t\t\t\t<\/div>\n\t\t\t\t<\/div>\n\t\t<div class=\"elementor-element elementor-element-3750e6e e-con-full e-flex e-con e-child\" data-id=\"3750e6e\" data-element_type=\"container\">\n\t\t<div class=\"elementor-element elementor-element-e279cef e-con-full e-flex e-con e-child\" data-id=\"e279cef\" data-element_type=\"container\">\n\t\t\t\t<div class=\"elementor-element elementor-element-585fe11 elementor-widget__width-initial elementor-widget elementor-widget-text-editor\" data-id=\"585fe11\" data-element_type=\"widget\" data-widget_type=\"text-editor.default\">\n\t\t\t\t<div class=\"elementor-widget-container\">\n\t\t\t\t\t\t\t\t\t<p>La communaut\u00e9 de communes de la Vall\u00e9e de la Haute Sarthe est un EPCI (Etablissement Public de Coop\u00e9ration Intercommunale) qui regroupe, depuis le 1er janvier 2013, les communes de l\u2019ex communaut\u00e9 de communes du Pays M\u00ealois, les communes de l\u2019ex communaut\u00e9 de communes du Pays de Courtomer ainsi que les communes d\u2019Hauterive, de Neuilly-le-Bisson, d\u2019Aunay-les-Bois, de Bur\u00e9 et de Saint-Quentin-de-Blavou.<\/p><p>Le principe de sp\u00e9cialit\u00e9 signifie que l&rsquo;EPCI n&rsquo;exerce que les comp\u00e9tences qui lui ont \u00e9t\u00e9 attribu\u00e9es par les communes qui en sont membres. Le principe d\u2019exclusivit\u00e9 implique qu\u2019une fois transf\u00e9r\u00e9es, ces comp\u00e9tences ne peuvent plus \u00eatre exerc\u00e9es par les communes. Toutefois, ce principe ne leur interdit pas de transf\u00e9rer certaines de leurs comp\u00e9tences \u00e0 un syndicat mixte.<\/p>\t\t\t\t\t\t\t\t<\/div>\n\t\t\t\t<\/div>\n\t\t\t\t<div class=\"elementor-element elementor-element-f0966a9 elementor-widget elementor-widget-heading\" data-id=\"f0966a9\" data-element_type=\"widget\" data-widget_type=\"heading.default\">\n\t\t\t\t<div class=\"elementor-widget-container\">\n\t\t\t\t\t<h3 class=\"elementor-heading-title elementor-size-default\">Comp\u00e9tences de la communaut\u00e9 de communes  de la Vall\u00e9e de la Haute Sarthe<\/h3>\t\t\t\t<\/div>\n\t\t\t\t<\/div>\n\t\t\t\t<div class=\"elementor-element elementor-element-381b893 e-n-tabs-mobile elementor-widget elementor-widget-n-tabs\" data-id=\"381b893\" data-element_type=\"widget\" data-settings=\"{&quot;horizontal_scroll&quot;:&quot;disable&quot;}\" data-widget_type=\"nested-tabs.default\">\n\t\t\t\t<div class=\"elementor-widget-container\">\n\t\t\t\t\t\t\t<div class=\"e-n-tabs\" data-widget-number=\"58833043\" aria-label=\"Onglets. Ouvrez des \u00e9l\u00e9ments avec Entrer ou Espace, fermez-les avec Echape et naviguez \u00e0 l&#039;aide des touches fl\u00e9ch\u00e9es.\">\n\t\t\t<div class=\"e-n-tabs-heading\" role=\"tablist\">\n\t\t\t\t\t<button id=\"e-n-tab-title-588330431\" class=\"e-n-tab-title\" aria-selected=\"true\" data-tab-index=\"1\" role=\"tab\" tabindex=\"0\" aria-controls=\"e-n-tab-content-588330431\" style=\"--n-tabs-title-order: 1;\">\n\t\t\t\t\t\t<span class=\"e-n-tab-title-text\">\n\t\t\t\tComp\u00e9tences obligatoires\t\t\t<\/span>\n\t\t<\/button>\n\t\t\t\t<button id=\"e-n-tab-title-588330432\" class=\"e-n-tab-title\" aria-selected=\"false\" data-tab-index=\"2\" role=\"tab\" tabindex=\"-1\" aria-controls=\"e-n-tab-content-588330432\" style=\"--n-tabs-title-order: 2;\">\n\t\t\t\t\t\t<span class=\"e-n-tab-title-text\">\n\t\t\t\tComp\u00e9tences optionnellles\t\t\t<\/span>\n\t\t<\/button>\n\t\t\t\t<button id=\"e-n-tab-title-588330433\" class=\"e-n-tab-title\" aria-selected=\"false\" data-tab-index=\"3\" role=\"tab\" tabindex=\"-1\" aria-controls=\"e-n-tab-content-588330433\" style=\"--n-tabs-title-order: 3;\">\n\t\t\t\t\t\t<span class=\"e-n-tab-title-text\">\n\t\t\t\tComp\u00e9tences facultatives\t\t\t<\/span>\n\t\t<\/button>\n\t\t\t\t\t<\/div>\n\t\t\t<div class=\"e-n-tabs-content\">\n\t\t\t\t<div id=\"e-n-tab-content-588330431\" role=\"tabpanel\" aria-labelledby=\"e-n-tab-title-588330431\" data-tab-index=\"1\" style=\"--n-tabs-title-order: 1;\" class=\"e-active elementor-element elementor-element-cf9eefc e-con-full e-flex e-con e-child\" data-id=\"cf9eefc\" data-element_type=\"container\">\n\t\t\t\t<div class=\"elementor-element elementor-element-58715b0 elementor-widget elementor-widget-text-editor\" data-id=\"58715b0\" data-element_type=\"widget\" data-widget_type=\"text-editor.default\">\n\t\t\t\t<div class=\"elementor-widget-container\">\n\t\t\t\t\t\t\t\t\t<ol><li>Spatial planning for actions of Community interest<\/li><li>Territorial coherence plan and sector plan<\/li><li>Local urban development plan, equivalent urban development document and local map<\/li><li>Economic development actions under the conditions set out in Article L4251-17 of the CGCT (French General Code of Territorial Cooperation)<\/li><li>Creation, development, maintenance and management of industrial, commercial, tertiary, craft, tourist, port or airport activity zones<\/li><li>Local commercial policy and support for commercial activities of Community interest<\/li><li>Promotion of tourism, including the creation of tourist offices<\/li><li>Management of aquatic environments and flood prevention, under the conditions set out in Article L211-7 of the Environment Code<\/li><li>Creation, development, maintenance and management of reception areas for Travellers and family rental sites as defined in 1\u00b0 to 3\u00b0 of II of Article I of Law no. 2000-614 of 5 July 2000 relating to the reception and housing of Travellers.<\/li><li>Collection and treatment of household and similar waste<\/li><\/ol>\t\t\t\t\t\t\t\t<\/div>\n\t\t\t\t<\/div>\n\t\t\t\t<\/div>\n\t\t<div id=\"e-n-tab-content-588330432\" role=\"tabpanel\" aria-labelledby=\"e-n-tab-title-588330432\" data-tab-index=\"2\" style=\"--n-tabs-title-order: 2;\" class=\"elementor-element elementor-element-394f120 e-con-full e-flex e-con e-child\" data-id=\"394f120\" data-element_type=\"container\">\n\t\t\t\t<div class=\"elementor-element elementor-element-e703ea1 elementor-widget elementor-widget-text-editor\" data-id=\"e703ea1\" data-element_type=\"widget\" data-widget_type=\"text-editor.default\">\n\t\t\t\t<div class=\"elementor-widget-container\">\n\t\t\t\t\t\t\t\t\t<ol><li>Housing and lifestyle policy<\/li><li>Creation, development and maintenance of roads<\/li><li>Construction, maintenance and operation of cultural and sports facilities of community interest and pre-elementary and elementary education facilities of community interest<\/li><li>Wastewater treatment, under the conditions set out in Article L2224-8<\/li><li>Drinking water<\/li><\/ol>\t\t\t\t\t\t\t\t<\/div>\n\t\t\t\t<\/div>\n\t\t\t\t<\/div>\n\t\t<div id=\"e-n-tab-content-588330433\" role=\"tabpanel\" aria-labelledby=\"e-n-tab-title-588330433\" data-tab-index=\"3\" style=\"--n-tabs-title-order: 3;\" class=\"elementor-element elementor-element-8feb942 e-con-full e-flex e-con e-child\" data-id=\"8feb942\" data-element_type=\"container\">\n\t\t\t\t<div class=\"elementor-element elementor-element-748c36e elementor-widget elementor-widget-text-editor\" data-id=\"748c36e\" data-element_type=\"widget\" data-widget_type=\"text-editor.default\">\n\t\t\t\t<div class=\"elementor-widget-container\">\n\t\t\t\t\t\t\t\t\t<ol><li>On-demand public transport on its territory<\/li><li>Contingent incendie<\/li><li>Pound<\/li><li>Construction, maintenance and operation of tourist, leisure, health and social facilities<\/li><li>Environment: the communaut\u00e9 de communes carries out studies and development actions in the field of wind energy development<\/li><\/ol>\t\t\t\t\t\t\t\t<\/div>\n\t\t\t\t<\/div>\n\t\t\t\t<\/div>\n\t\t\t\t\t<\/div>\n\t\t<\/div>\n\t\t\t\t\t\t<\/div>\n\t\t\t\t<\/div>\n\t\t\t\t<div class=\"elementor-element elementor-element-46ef7c6 elementor-widget-divider--view-line elementor-widget elementor-widget-divider\" data-id=\"46ef7c6\" data-element_type=\"widget\" data-widget_type=\"divider.default\">\n\t\t\t\t<div class=\"elementor-widget-container\">\n\t\t\t\t\t\t\t<div class=\"elementor-divider\">\n\t\t\t<span class=\"elementor-divider-separator\">\n\t\t\t\t\t\t<\/span>\n\t\t<\/div>\n\t\t\t\t\t\t<\/div>\n\t\t\t\t<\/div>\n\t\t\t\t<div class=\"elementor-element elementor-element-29e6e77 elementor-widget elementor-widget-heading\" data-id=\"29e6e77\" data-element_type=\"widget\" data-widget_type=\"heading.default\">\n\t\t\t\t<div class=\"elementor-widget-container\">\n\t\t\t\t\t<h3 class=\"elementor-heading-title elementor-size-default\">Les organes constituants de la communaut\u00e9 de communes de la Vall\u00e9e de la Haute Sarthe<\/h3>\t\t\t\t<\/div>\n\t\t\t\t<\/div>\n\t\t\t\t<div class=\"elementor-element elementor-element-03806f4 e-n-tabs-mobile elementor-widget elementor-widget-n-tabs\" data-id=\"03806f4\" data-element_type=\"widget\" data-settings=\"{&quot;horizontal_scroll&quot;:&quot;disable&quot;}\" data-widget_type=\"nested-tabs.default\">\n\t\t\t\t<div class=\"elementor-widget-container\">\n\t\t\t\t\t\t\t<div class=\"e-n-tabs\" data-widget-number=\"3671796\" aria-label=\"Onglets. Ouvrez des \u00e9l\u00e9ments avec Entrer ou Espace, fermez-les avec Echape et naviguez \u00e0 l&#039;aide des touches fl\u00e9ch\u00e9es.\">\n\t\t\t<div class=\"e-n-tabs-heading\" role=\"tablist\">\n\t\t\t\t\t<button id=\"e-n-tab-title-36717961\" class=\"e-n-tab-title\" aria-selected=\"true\" data-tab-index=\"1\" role=\"tab\" tabindex=\"0\" aria-controls=\"e-n-tab-content-36717961\" style=\"--n-tabs-title-order: 1;\">\n\t\t\t\t\t\t<span class=\"e-n-tab-title-text\">\n\t\t\t\tBureau communautaire\t\t\t<\/span>\n\t\t<\/button>\n\t\t\t\t<button id=\"e-n-tab-title-36717962\" class=\"e-n-tab-title\" aria-selected=\"false\" data-tab-index=\"2\" role=\"tab\" tabindex=\"-1\" aria-controls=\"e-n-tab-content-36717962\" style=\"--n-tabs-title-order: 2;\">\n\t\t\t\t\t\t<span class=\"e-n-tab-title-text\">\n\t\t\t\tConseil communautaire\t\t\t<\/span>\n\t\t<\/button>\n\t\t\t\t<button id=\"e-n-tab-title-36717963\" class=\"e-n-tab-title\" aria-selected=\"false\" data-tab-index=\"3\" role=\"tab\" tabindex=\"-1\" aria-controls=\"e-n-tab-content-36717963\" style=\"--n-tabs-title-order: 3;\">\n\t\t\t\t\t\t<span class=\"e-n-tab-title-text\">\n\t\t\t\tCommissions\t\t\t<\/span>\n\t\t<\/button>\n\t\t\t\t\t<\/div>\n\t\t\t<div class=\"e-n-tabs-content\">\n\t\t\t\t<div id=\"e-n-tab-content-36717961\" role=\"tabpanel\" aria-labelledby=\"e-n-tab-title-36717961\" data-tab-index=\"1\" style=\"--n-tabs-title-order: 1;\" class=\"e-active elementor-element elementor-element-d6057d0 e-con-full e-flex e-con e-child\" data-id=\"d6057d0\" data-element_type=\"container\">\n\t\t\t\t<div class=\"elementor-element elementor-element-4248572 elementor-widget elementor-widget-text-editor\" data-id=\"4248572\" data-element_type=\"widget\" data-widget_type=\"text-editor.default\">\n\t\t\t\t<div class=\"elementor-widget-container\">\n\t\t\t\t\t\t\t\t\t<p>Le bureau communautaire regroupe le pr\u00e9sident, les 8 vice-pr\u00e9sidents et 4 maires des communes p\u00f4les (Courtomer, Hauterive, Sainte-Scolasse-sur-Sarthe et Le M\u00eale-sur-Sarthe). Il se r\u00e9unit pour examiner les propositions des commissions, pour pr\u00e9parer les r\u00e9unions du conseil communautaire et pour d\u00e9finir les axes strat\u00e9giques de la structure intercommunale.\u00a0<\/p>\t\t\t\t\t\t\t\t<\/div>\n\t\t\t\t<\/div>\n\t\t\t\t<\/div>\n\t\t<div id=\"e-n-tab-content-36717962\" role=\"tabpanel\" aria-labelledby=\"e-n-tab-title-36717962\" data-tab-index=\"2\" style=\"--n-tabs-title-order: 2;\" class=\"elementor-element elementor-element-7441f07 e-con-full e-flex e-con e-child\" data-id=\"7441f07\" data-element_type=\"container\">\n\t\t\t\t<div class=\"elementor-element elementor-element-3e98ff7 elementor-widget elementor-widget-text-editor\" data-id=\"3e98ff7\" data-element_type=\"widget\" data-widget_type=\"text-editor.default\">\n\t\t\t\t<div class=\"elementor-widget-container\">\n\t\t\t\t\t\t\t\t\t<p>Le conseil communautaire est l&rsquo;organe d\u00e9lib\u00e9rant de la structure intercommunale. Son r\u00f4le est d&rsquo;examiner les propositions du bureau et de les rendre ex\u00e9cutoires par d\u00e9lib\u00e9ration. Par la suite, les diff\u00e9rents projets et actions sont r\u00e9alisables. Le conseil communautaire est constitu\u00e9 d&rsquo;au minimum d&rsquo;un d\u00e9l\u00e9gu\u00e9 par commune appartenant \u00e0 la CC de la Vall\u00e9e de la Haute Sarthe.<\/p>\t\t\t\t\t\t\t\t<\/div>\n\t\t\t\t<\/div>\n\t\t\t\t<\/div>\n\t\t<div id=\"e-n-tab-content-36717963\" role=\"tabpanel\" aria-labelledby=\"e-n-tab-title-36717963\" data-tab-index=\"3\" style=\"--n-tabs-title-order: 3;\" class=\"elementor-element elementor-element-231ea15 e-con-full e-flex e-con e-child\" data-id=\"231ea15\" data-element_type=\"container\">\n\t\t\t\t<div class=\"elementor-element elementor-element-b64c3d6 elementor-widget elementor-widget-text-editor\" data-id=\"b64c3d6\" data-element_type=\"widget\" data-widget_type=\"text-editor.default\">\n\t\t\t\t<div class=\"elementor-widget-container\">\n\t\t\t\t\t\t\t\t\t<p>Chaque vice-pr\u00e9sident r\u00e9unit, au besoin, les membres des commissions concern\u00e9s par les diff\u00e9rents projets port\u00e9s par la communaut\u00e9 de communes<\/p>\t\t\t\t\t\t\t\t<\/div>\n\t\t\t\t<\/div>\n\t\t\t\t<\/div>\n\t\t\t\t\t<\/div>\n\t\t<\/div>\n\t\t\t\t\t\t<\/div>\n\t\t\t\t<\/div>\n\t\t\t\t<\/div>\n\t\t\t\t<\/div>\n\t\t\t\t<div class=\"elementor-element elementor-element-c7ba166 elementor-widget elementor-widget-heading\" data-id=\"c7ba166\" data-element_type=\"widget\" data-widget_type=\"heading.default\">\n\t\t\t\t<div class=\"elementor-widget-container\">\n\t\t\t\t\t<h3 class=\"elementor-heading-title elementor-size-default\"><a href=\"https:\/\/test.ccvhs.fr\/les-elus\/\">Les vice-pr\u00e9sidents de la  communaut\u00e9 de communes Vall\u00e9e de la Haute Sarthe<\/a><\/h3>\t\t\t\t<\/div>\n\t\t\t\t<\/div>\n\t\t\t\t<\/div>\n\t\t\t\t<\/div>\n\t\t\t\t\t<\/div>\n\t\t\t\t<\/div>\n\t\t\t\t<\/div>","protected":false},"excerpt":{"rendered":"<p>Cr\u00e9ation &amp; comp\u00e9tences La communaut\u00e9 de communes de la Vall\u00e9e de la Haute Sarthe est un EPCI (Etablissement Public de Coop\u00e9ration Intercommunale) qui regroupe, depuis le 1er janvier 2013, les communes de l\u2019ex communaut\u00e9 de communes du Pays M\u00ealois, les communes de l\u2019ex communaut\u00e9 de communes du Pays de Courtomer ainsi que les communes d\u2019Hauterive, [&hellip;]<\/p>","protected":false},"author":1,"featured_media":0,"parent":0,"menu_order":0,"comment_status":"closed","ping_status":"closed","template":"","meta":{"_acf_changed":false,"footnotes":""},"class_list":["post-98","page","type-page","status-publish","hentry"],"acf":[],"_links":{"self":[{"href":"https:\/\/ccvhs.fr\/en\/wp-json\/wp\/v2\/pages\/98","targetHints":{"allow":["GET"]}}],"collection":[{"href":"https:\/\/ccvhs.fr\/en\/wp-json\/wp\/v2\/pages"}],"about":[{"href":"https:\/\/ccvhs.fr\/en\/wp-json\/wp\/v2\/types\/page"}],"author":[{"embeddable":true,"href":"https:\/\/ccvhs.fr\/en\/wp-json\/wp\/v2\/users\/1"}],"replies":[{"embeddable":true,"href":"https:\/\/ccvhs.fr\/en\/wp-json\/wp\/v2\/comments?post=98"}],"version-history":[{"count":0,"href":"https:\/\/ccvhs.fr\/en\/wp-json\/wp\/v2\/pages\/98\/revisions"}],"wp:attachment":[{"href":"https:\/\/ccvhs.fr\/en\/wp-json\/wp\/v2\/media?parent=98"}],"curies":[{"name":"wp","href":"https:\/\/api.w.org\/{rel}","templated":true}]}}